{"id":31,"date":"2019-07-31T13:17:58","date_gmt":"2019-07-31T13:17:58","guid":{"rendered":"http:\/\/solidaritaet-gartenverein.de\/?page_id=31"},"modified":"2025-01-26T20:05:26","modified_gmt":"2025-01-26T20:05:26","slug":"fotos-der-anlage","status":"publish","type":"page","link":"http:\/\/solidaritaet-gartenverein.de\/?page_id=31","title":{"rendered":"Fotos der Anlage"},"content":{"rendered":"\n<p class=\"has-vivid-green-cyan-color has-text-color has-link-color has-large-font-size wp-elements-bc77bf9b5d0860ef40468a0fed9110f2\">Gr\u00fcnkohlabend <\/p>\n\n\n\n<p>Das Jahr 2025 fing am 11.01. mit unserem n\u00e4chsten Themenabend an. Es gab leckerem Gr\u00fcnkohl mit Kartoffelw\u00fcrfel, Kassler, Mettwurst und 1 Verdauungsschnaps.                       Unser 1. Vorsitzender Uli hat sogar f\u00fcr die Helfer eigene Soli-Shirt\u00b4s bedrucken lassen.     Auch hier ein Dankesch\u00f6n an die tollen Helfern, die diese Aktionen \u00fcberhaupt m\u00f6glich machen und somit eine gemeinsame sch\u00f6ne Zeit m\u00f6glich machen.<\/p>\n\n\n\n<figure class=\"wp-block-image size-large is-resized\"><img loading=\"lazy\" decoding=\"async\" width=\"1024\" height=\"768\" src=\"http:\/\/solidaritaet-gartenverein.de\/wp-content\/uploads\/2025\/01\/Team-Themenabend-1024x768.jpg\" alt=\"\" class=\"wp-image-382\" style=\"width:403px;height:auto\" srcset=\"http:\/\/solidaritaet-gartenverein.de\/wp-content\/uploads\/2025\/01\/Team-Themenabend-1024x768.jpg 1024w, http:\/\/solidaritaet-gartenverein.de\/wp-content\/uploads\/2025\/01\/Team-Themenabend-300x225.jpg 300w, http:\/\/solidaritaet-gartenverein.de\/wp-content\/uploads\/2025\/01\/Team-Themenabend-768x576.jpg 768w, http:\/\/solidaritaet-gartenverein.de\/wp-content\/uploads\/2025\/01\/Team-Themenabend-1536x1152.jpg 1536w, http:\/\/solidaritaet-gartenverein.de\/wp-content\/uploads\/2025\/01\/Team-Themenabend-2048x1536.jpg 2048w\" sizes=\"auto, (max-width: 1024px) 100vw, 1024px\" \/><\/figure>\n\n\n\n<figure class=\"wp-block-image size-large is-resized\"><img loading=\"lazy\" decoding=\"async\" width=\"1024\" height=\"768\" src=\"http:\/\/solidaritaet-gartenverein.de\/wp-content\/uploads\/2025\/01\/Team-Themenabend-hinten-1024x768.jpg\" alt=\"\" class=\"wp-image-383\" style=\"width:396px;height:auto\" srcset=\"http:\/\/solidaritaet-gartenverein.de\/wp-content\/uploads\/2025\/01\/Team-Themenabend-hinten-1024x768.jpg 1024w, http:\/\/solidaritaet-gartenverein.de\/wp-content\/uploads\/2025\/01\/Team-Themenabend-hinten-300x225.jpg 300w, http:\/\/solidaritaet-gartenverein.de\/wp-content\/uploads\/2025\/01\/Team-Themenabend-hinten-768x576.jpg 768w, http:\/\/solidaritaet-gartenverein.de\/wp-content\/uploads\/2025\/01\/Team-Themenabend-hinten-1536x1152.jpg 1536w, http:\/\/solidaritaet-gartenverein.de\/wp-content\/uploads\/2025\/01\/Team-Themenabend-hinten-2048x1536.jpg 2048w\" sizes=\"auto, (max-width: 1024px) 100vw, 1024px\" \/><\/figure>\n\n\n\n<figure class=\"wp-block-image size-large is-resized\"><img loading=\"lazy\" decoding=\"async\" width=\"1024\" height=\"768\" src=\"http:\/\/solidaritaet-gartenverein.de\/wp-content\/uploads\/2025\/01\/Gruenkohlabend--1024x768.jpg\" alt=\"\" class=\"wp-image-384\" style=\"width:388px;height:auto\" srcset=\"http:\/\/solidaritaet-gartenverein.de\/wp-content\/uploads\/2025\/01\/Gruenkohlabend--1024x768.jpg 1024w, http:\/\/solidaritaet-gartenverein.de\/wp-content\/uploads\/2025\/01\/Gruenkohlabend--300x225.jpg 300w, http:\/\/solidaritaet-gartenverein.de\/wp-content\/uploads\/2025\/01\/Gruenkohlabend--768x576.jpg 768w, http:\/\/solidaritaet-gartenverein.de\/wp-content\/uploads\/2025\/01\/Gruenkohlabend--1536x1152.jpg 1536w, http:\/\/solidaritaet-gartenverein.de\/wp-content\/uploads\/2025\/01\/Gruenkohlabend--2048x1536.jpg 2048w\" sizes=\"auto, (max-width: 1024px) 100vw, 1024px\" \/><\/figure>\n\n\n\n<p class=\"has-vivid-cyan-blue-color has-text-color has-link-color has-large-font-size wp-elements-ffa22a2835be8704ff517ce444092406\">Bayrischer Abend <\/p>\n\n\n\n<p>Leberk\u00e4se mit Spiegelei, Krautsalat und Brezel gab es am 08.11.2024. <\/p>\n\n\n\n<p>Die Veranstaltung wurde gut angenommen und die Resonanz war Mega. An allen Helfern ein herzliches Dankesch\u00f6n f\u00fcr einen gelungenen Abend. <\/p>\n\n\n\n<p><\/p>\n\n\n\n<p><\/p>\n\n\n\n<p class=\"has-large-font-size\"><strong><mark style=\"background-color:rgba(0, 0, 0, 0)\" class=\"has-inline-color has-vivid-green-cyan-color\">Sp\u00e4tsommer -Schnitzelabend <\/mark><\/strong><\/p>\n\n\n\n<p>Unser 1. Schnitzelabend am 13.09.2024 war ein voller Erfolg. <\/p>\n\n\n\n<p>Wir danken allen flei\u00dfigen Helfern!<\/p>\n\n\n\n<p>Hier ein paar Fotos. <\/p>\n\n\n\n<figure class=\"wp-block-image size-large is-resized\"><img loading=\"lazy\" decoding=\"async\" width=\"768\" height=\"1024\" src=\"http:\/\/solidaritaet-gartenverein.de\/wp-content\/uploads\/2024\/10\/Schnitzelabend-Deko-768x1024.jpg\" alt=\"\" class=\"wp-image-358\" style=\"width:335px;height:auto\" srcset=\"http:\/\/solidaritaet-gartenverein.de\/wp-content\/uploads\/2024\/10\/Schnitzelabend-Deko-768x1024.jpg 768w, http:\/\/solidaritaet-gartenverein.de\/wp-content\/uploads\/2024\/10\/Schnitzelabend-Deko-225x300.jpg 225w, http:\/\/solidaritaet-gartenverein.de\/wp-content\/uploads\/2024\/10\/Schnitzelabend-Deko-1152x1536.jpg 1152w, http:\/\/solidaritaet-gartenverein.de\/wp-content\/uploads\/2024\/10\/Schnitzelabend-Deko.jpg 1530w\" sizes=\"auto, (max-width: 768px) 100vw, 768px\" \/><\/figure>\n\n\n\n<figure class=\"wp-block-image size-large is-resized\"><img loading=\"lazy\" decoding=\"async\" width=\"1024\" height=\"768\" src=\"http:\/\/solidaritaet-gartenverein.de\/wp-content\/uploads\/2024\/10\/Schnitzelabend-Helfer-1-1024x768.jpg\" alt=\"\" class=\"wp-image-359\" style=\"width:336px;height:auto\" srcset=\"http:\/\/solidaritaet-gartenverein.de\/wp-content\/uploads\/2024\/10\/Schnitzelabend-Helfer-1-1024x768.jpg 1024w, http:\/\/solidaritaet-gartenverein.de\/wp-content\/uploads\/2024\/10\/Schnitzelabend-Helfer-1-300x225.jpg 300w, http:\/\/solidaritaet-gartenverein.de\/wp-content\/uploads\/2024\/10\/Schnitzelabend-Helfer-1-768x576.jpg 768w, http:\/\/solidaritaet-gartenverein.de\/wp-content\/uploads\/2024\/10\/Schnitzelabend-Helfer-1-1536x1152.jpg 1536w, http:\/\/solidaritaet-gartenverein.de\/wp-content\/uploads\/2024\/10\/Schnitzelabend-Helfer-1-2048x1536.jpg 2048w\" sizes=\"auto, (max-width: 1024px) 100vw, 1024px\" \/><\/figure>\n\n\n\n<figure class=\"wp-block-image size-large is-resized\"><img loading=\"lazy\" decoding=\"async\" width=\"1024\" height=\"768\" src=\"http:\/\/solidaritaet-gartenverein.de\/wp-content\/uploads\/2024\/10\/Schnitzelabend-Helfer-1024x768.jpg\" alt=\"\" class=\"wp-image-360\" style=\"width:334px;height:auto\" srcset=\"http:\/\/solidaritaet-gartenverein.de\/wp-content\/uploads\/2024\/10\/Schnitzelabend-Helfer-1024x768.jpg 1024w, http:\/\/solidaritaet-gartenverein.de\/wp-content\/uploads\/2024\/10\/Schnitzelabend-Helfer-300x225.jpg 300w, http:\/\/solidaritaet-gartenverein.de\/wp-content\/uploads\/2024\/10\/Schnitzelabend-Helfer-768x576.jpg 768w, http:\/\/solidaritaet-gartenverein.de\/wp-content\/uploads\/2024\/10\/Schnitzelabend-Helfer-1536x1152.jpg 1536w, http:\/\/solidaritaet-gartenverein.de\/wp-content\/uploads\/2024\/10\/Schnitzelabend-Helfer-2048x1536.jpg 2048w\" sizes=\"auto, (max-width: 1024px) 100vw, 1024px\" \/><\/figure>\n\n\n\n<figure class=\"wp-block-image size-large is-resized\"><img loading=\"lazy\" decoding=\"async\" width=\"1024\" height=\"768\" src=\"http:\/\/solidaritaet-gartenverein.de\/wp-content\/uploads\/2024\/10\/Fotos-Schnitzelabend-1024x768.jpg\" alt=\"\" class=\"wp-image-357\" style=\"width:331px;height:auto\" srcset=\"http:\/\/solidaritaet-gartenverein.de\/wp-content\/uploads\/2024\/10\/Fotos-Schnitzelabend-1024x768.jpg 1024w, http:\/\/solidaritaet-gartenverein.de\/wp-content\/uploads\/2024\/10\/Fotos-Schnitzelabend-300x225.jpg 300w, http:\/\/solidaritaet-gartenverein.de\/wp-content\/uploads\/2024\/10\/Fotos-Schnitzelabend-768x576.jpg 768w, http:\/\/solidaritaet-gartenverein.de\/wp-content\/uploads\/2024\/10\/Fotos-Schnitzelabend-1536x1152.jpg 1536w, http:\/\/solidaritaet-gartenverein.de\/wp-content\/uploads\/2024\/10\/Fotos-Schnitzelabend-2048x1536.jpg 2048w\" sizes=\"auto, (max-width: 1024px) 100vw, 1024px\" \/><\/figure>\n\n\n\n<p class=\"has-luminous-vivid-amber-color has-text-color has-link-color has-large-font-size wp-elements-abb0babbc922db8cb164db071b3d400e\">Imker Damir <\/p>\n\n\n\n<p>D\u00fcrfen wir vorstellen unser Imker Damir. Im Oktober 2024 hat er f\u00fcr eine Honigbewertung den Preis in Gold geholt. Herzlichen Gl\u00fcckwunsch. Der Honig ist super lecker, vor allem der Zimthonig. <\/p>\n\n\n\n<figure class=\"wp-block-image size-large is-resized\"><img loading=\"lazy\" decoding=\"async\" width=\"768\" height=\"1024\" src=\"http:\/\/solidaritaet-gartenverein.de\/wp-content\/uploads\/2025\/01\/Imker-bei-der-Arbeit-768x1024.jpg\" alt=\"\" class=\"wp-image-393\" style=\"width:359px;height:auto\" srcset=\"http:\/\/solidaritaet-gartenverein.de\/wp-content\/uploads\/2025\/01\/Imker-bei-der-Arbeit-768x1024.jpg 768w, http:\/\/solidaritaet-gartenverein.de\/wp-content\/uploads\/2025\/01\/Imker-bei-der-Arbeit-225x300.jpg 225w, http:\/\/solidaritaet-gartenverein.de\/wp-content\/uploads\/2025\/01\/Imker-bei-der-Arbeit-1152x1536.jpg 1152w, http:\/\/solidaritaet-gartenverein.de\/wp-content\/uploads\/2025\/01\/Imker-bei-der-Arbeit.jpg 1512w\" sizes=\"auto, (max-width: 768px) 100vw, 768px\" \/><\/figure>\n\n\n\n<figure class=\"wp-block-image size-large is-resized\"><img loading=\"lazy\" decoding=\"async\" width=\"768\" height=\"1024\" src=\"http:\/\/solidaritaet-gartenverein.de\/wp-content\/uploads\/2025\/01\/Imker-Hand-768x1024.jpg\" alt=\"\" class=\"wp-image-394\" style=\"width:365px;height:auto\" srcset=\"http:\/\/solidaritaet-gartenverein.de\/wp-content\/uploads\/2025\/01\/Imker-Hand-768x1024.jpg 768w, http:\/\/solidaritaet-gartenverein.de\/wp-content\/uploads\/2025\/01\/Imker-Hand-225x300.jpg 225w, http:\/\/solidaritaet-gartenverein.de\/wp-content\/uploads\/2025\/01\/Imker-Hand-1152x1536.jpg 1152w, http:\/\/solidaritaet-gartenverein.de\/wp-content\/uploads\/2025\/01\/Imker-Hand.jpg 1512w\" sizes=\"auto, (max-width: 768px) 100vw, 768px\" \/><\/figure>\n\n\n\n<h2 class=\"wp-block-heading has-black-color has-vivid-green-cyan-background-color has-text-color has-background has-large-font-size\">   <strong>75 j\u00e4hriges Jubil\u00e4umsfest 19.08.2023<\/strong><\/h2>\n\n\n\n<figure class=\"wp-block-image size-large is-resized\"><img loading=\"lazy\" decoding=\"async\" width=\"1024\" height=\"683\" src=\"http:\/\/solidaritaet-gartenverein.de\/wp-content\/uploads\/2024\/01\/Vorstand-Stadtverband-75-Jahre-1024x683.jpg\" alt=\"\" class=\"wp-image-320\" style=\"width:674px;height:auto\" srcset=\"http:\/\/solidaritaet-gartenverein.de\/wp-content\/uploads\/2024\/01\/Vorstand-Stadtverband-75-Jahre-1024x683.jpg 1024w, http:\/\/solidaritaet-gartenverein.de\/wp-content\/uploads\/2024\/01\/Vorstand-Stadtverband-75-Jahre-300x200.jpg 300w, http:\/\/solidaritaet-gartenverein.de\/wp-content\/uploads\/2024\/01\/Vorstand-Stadtverband-75-Jahre-768x512.jpg 768w, http:\/\/solidaritaet-gartenverein.de\/wp-content\/uploads\/2024\/01\/Vorstand-Stadtverband-75-Jahre-1536x1024.jpg 1536w, http:\/\/solidaritaet-gartenverein.de\/wp-content\/uploads\/2024\/01\/Vorstand-Stadtverband-75-Jahre.jpg 1620w\" sizes=\"auto, (max-width: 1024px) 100vw, 1024px\" \/><\/figure>\n\n\n\n<figure class=\"wp-block-image size-large\"><img loading=\"lazy\" decoding=\"async\" width=\"1024\" height=\"683\" src=\"http:\/\/solidaritaet-gartenverein.de\/wp-content\/uploads\/2024\/01\/Kinderspass-75-Jahre-1024x683.jpg\" alt=\"\" class=\"wp-image-321\" srcset=\"http:\/\/solidaritaet-gartenverein.de\/wp-content\/uploads\/2024\/01\/Kinderspass-75-Jahre-1024x683.jpg 1024w, http:\/\/solidaritaet-gartenverein.de\/wp-content\/uploads\/2024\/01\/Kinderspass-75-Jahre-300x200.jpg 300w, http:\/\/solidaritaet-gartenverein.de\/wp-content\/uploads\/2024\/01\/Kinderspass-75-Jahre-768x512.jpg 768w, http:\/\/solidaritaet-gartenverein.de\/wp-content\/uploads\/2024\/01\/Kinderspass-75-Jahre-1536x1024.jpg 1536w, http:\/\/solidaritaet-gartenverein.de\/wp-content\/uploads\/2024\/01\/Kinderspass-75-Jahre.jpg 1620w\" sizes=\"auto, (max-width: 1024px) 100vw, 1024px\" \/><\/figure>\n\n\n\n<figure class=\"wp-block-image size-large\"><img loading=\"lazy\" decoding=\"async\" width=\"1024\" height=\"683\" src=\"http:\/\/solidaritaet-gartenverein.de\/wp-content\/uploads\/2024\/01\/Grillen-75-Jahre-1024x683.jpg\" alt=\"\" class=\"wp-image-322\" srcset=\"http:\/\/solidaritaet-gartenverein.de\/wp-content\/uploads\/2024\/01\/Grillen-75-Jahre-1024x683.jpg 1024w, http:\/\/solidaritaet-gartenverein.de\/wp-content\/uploads\/2024\/01\/Grillen-75-Jahre-300x200.jpg 300w, http:\/\/solidaritaet-gartenverein.de\/wp-content\/uploads\/2024\/01\/Grillen-75-Jahre-768x512.jpg 768w, http:\/\/solidaritaet-gartenverein.de\/wp-content\/uploads\/2024\/01\/Grillen-75-Jahre-1536x1024.jpg 1536w, http:\/\/solidaritaet-gartenverein.de\/wp-content\/uploads\/2024\/01\/Grillen-75-Jahre.jpg 1620w\" sizes=\"auto, (max-width: 1024px) 100vw, 1024px\" \/><\/figure>\n\n\n\n<figure class=\"wp-block-image size-large\"><img loading=\"lazy\" decoding=\"async\" width=\"1024\" height=\"768\" src=\"http:\/\/solidaritaet-gartenverein.de\/wp-content\/uploads\/2024\/01\/Kinderschminken-75-Jahre-1024x768.jpg\" alt=\"\" class=\"wp-image-323\" srcset=\"http:\/\/solidaritaet-gartenverein.de\/wp-content\/uploads\/2024\/01\/Kinderschminken-75-Jahre-1024x768.jpg 1024w, http:\/\/solidaritaet-gartenverein.de\/wp-content\/uploads\/2024\/01\/Kinderschminken-75-Jahre-300x225.jpg 300w, http:\/\/solidaritaet-gartenverein.de\/wp-content\/uploads\/2024\/01\/Kinderschminken-75-Jahre-768x576.jpg 768w, http:\/\/solidaritaet-gartenverein.de\/wp-content\/uploads\/2024\/01\/Kinderschminken-75-Jahre-1536x1152.jpg 1536w, http:\/\/solidaritaet-gartenverein.de\/wp-content\/uploads\/2024\/01\/Kinderschminken-75-Jahre-2048x1536.jpg 2048w\" sizes=\"auto, (max-width: 1024px) 100vw, 1024px\" \/><\/figure>\n\n\n\n<figure class=\"wp-block-image size-large\"><img loading=\"lazy\" decoding=\"async\" width=\"1024\" height=\"683\" src=\"http:\/\/solidaritaet-gartenverein.de\/wp-content\/uploads\/2024\/01\/Torwand-75-Jahre-1024x683.jpg\" alt=\"\" class=\"wp-image-324\" srcset=\"http:\/\/solidaritaet-gartenverein.de\/wp-content\/uploads\/2024\/01\/Torwand-75-Jahre-1024x683.jpg 1024w, http:\/\/solidaritaet-gartenverein.de\/wp-content\/uploads\/2024\/01\/Torwand-75-Jahre-300x200.jpg 300w, http:\/\/solidaritaet-gartenverein.de\/wp-content\/uploads\/2024\/01\/Torwand-75-Jahre-768x512.jpg 768w, http:\/\/solidaritaet-gartenverein.de\/wp-content\/uploads\/2024\/01\/Torwand-75-Jahre-1536x1024.jpg 1536w, http:\/\/solidaritaet-gartenverein.de\/wp-content\/uploads\/2024\/01\/Torwand-75-Jahre.jpg 1620w\" sizes=\"auto, (max-width: 1024px) 100vw, 1024px\" \/><\/figure>\n\n\n\n<figure class=\"wp-block-image size-large is-resized\"><img loading=\"lazy\" decoding=\"async\" width=\"1024\" height=\"683\" src=\"http:\/\/solidaritaet-gartenverein.de\/wp-content\/uploads\/2024\/01\/Rad-75-Jaehre-1024x683.jpg\" alt=\"\" class=\"wp-image-325\" style=\"width:675px;height:auto\" srcset=\"http:\/\/solidaritaet-gartenverein.de\/wp-content\/uploads\/2024\/01\/Rad-75-Jaehre-1024x683.jpg 1024w, http:\/\/solidaritaet-gartenverein.de\/wp-content\/uploads\/2024\/01\/Rad-75-Jaehre-300x200.jpg 300w, http:\/\/solidaritaet-gartenverein.de\/wp-content\/uploads\/2024\/01\/Rad-75-Jaehre-768x512.jpg 768w, http:\/\/solidaritaet-gartenverein.de\/wp-content\/uploads\/2024\/01\/Rad-75-Jaehre-1536x1024.jpg 1536w, http:\/\/solidaritaet-gartenverein.de\/wp-content\/uploads\/2024\/01\/Rad-75-Jaehre.jpg 1620w\" sizes=\"auto, (max-width: 1024px) 100vw, 1024px\" \/><\/figure>\n\n\n\n<figure class=\"wp-block-image size-large\"><img loading=\"lazy\" decoding=\"async\" width=\"1024\" height=\"768\" src=\"http:\/\/solidaritaet-gartenverein.de\/wp-content\/uploads\/2024\/01\/Tombala-Rest-1024x768.jpg\" alt=\"\" class=\"wp-image-326\" srcset=\"http:\/\/solidaritaet-gartenverein.de\/wp-content\/uploads\/2024\/01\/Tombala-Rest-1024x768.jpg 1024w, http:\/\/solidaritaet-gartenverein.de\/wp-content\/uploads\/2024\/01\/Tombala-Rest-300x225.jpg 300w, http:\/\/solidaritaet-gartenverein.de\/wp-content\/uploads\/2024\/01\/Tombala-Rest-768x576.jpg 768w, http:\/\/solidaritaet-gartenverein.de\/wp-content\/uploads\/2024\/01\/Tombala-Rest-1536x1152.jpg 1536w, http:\/\/solidaritaet-gartenverein.de\/wp-content\/uploads\/2024\/01\/Tombala-Rest-2048x1536.jpg 2048w\" sizes=\"auto, (max-width: 1024px) 100vw, 1024px\" \/><\/figure>\n\n\n\n<figure class=\"wp-block-image size-large\"><img loading=\"lazy\" decoding=\"async\" width=\"1024\" height=\"764\" src=\"http:\/\/solidaritaet-gartenverein.de\/wp-content\/uploads\/2024\/01\/Tombola-Blumen-1024x764.jpg\" alt=\"\" class=\"wp-image-327\" srcset=\"http:\/\/solidaritaet-gartenverein.de\/wp-content\/uploads\/2024\/01\/Tombola-Blumen-1024x764.jpg 1024w, http:\/\/solidaritaet-gartenverein.de\/wp-content\/uploads\/2024\/01\/Tombola-Blumen-300x224.jpg 300w, http:\/\/solidaritaet-gartenverein.de\/wp-content\/uploads\/2024\/01\/Tombola-Blumen-768x573.jpg 768w, http:\/\/solidaritaet-gartenverein.de\/wp-content\/uploads\/2024\/01\/Tombola-Blumen-1536x1146.jpg 1536w, http:\/\/solidaritaet-gartenverein.de\/wp-content\/uploads\/2024\/01\/Tombola-Blumen-2048x1528.jpg 2048w\" sizes=\"auto, (max-width: 1024px) 100vw, 1024px\" \/><\/figure>\n\n\n\n<h2 class=\"wp-block-heading has-black-color has-vivid-green-cyan-background-color has-text-color has-background has-large-font-size\">      <strong>1. Flohmarkt am 10.09.2022<\/strong><\/h2>\n\n\n\n<figure class=\"wp-block-image size-large\"><img loading=\"lazy\" decoding=\"async\" width=\"1024\" height=\"576\" src=\"http:\/\/solidaritaet-gartenverein.de\/wp-content\/uploads\/2022\/11\/20220910_085248-1024x576.jpg\" alt=\"\" class=\"wp-image-278\" srcset=\"http:\/\/solidaritaet-gartenverein.de\/wp-content\/uploads\/2022\/11\/20220910_085248-1024x576.jpg 1024w, http:\/\/solidaritaet-gartenverein.de\/wp-content\/uploads\/2022\/11\/20220910_085248-300x169.jpg 300w, http:\/\/solidaritaet-gartenverein.de\/wp-content\/uploads\/2022\/11\/20220910_085248-768x432.jpg 768w, http:\/\/solidaritaet-gartenverein.de\/wp-content\/uploads\/2022\/11\/20220910_085248-1536x864.jpg 1536w, http:\/\/solidaritaet-gartenverein.de\/wp-content\/uploads\/2022\/11\/20220910_085248-2048x1152.jpg 2048w\" sizes=\"auto, (max-width: 1024px) 100vw, 1024px\" \/><\/figure>\n\n\n\n<figure class=\"wp-block-image size-large is-resized\"><img loading=\"lazy\" decoding=\"async\" width=\"1024\" height=\"576\" src=\"http:\/\/solidaritaet-gartenverein.de\/wp-content\/uploads\/2022\/11\/20220910_085227-1024x576.jpg\" alt=\"\" class=\"wp-image-276\" srcset=\"http:\/\/solidaritaet-gartenverein.de\/wp-content\/uploads\/2022\/11\/20220910_085227-1024x576.jpg 1024w, http:\/\/solidaritaet-gartenverein.de\/wp-content\/uploads\/2022\/11\/20220910_085227-300x169.jpg 300w, http:\/\/solidaritaet-gartenverein.de\/wp-content\/uploads\/2022\/11\/20220910_085227-768x432.jpg 768w, http:\/\/solidaritaet-gartenverein.de\/wp-content\/uploads\/2022\/11\/20220910_085227-1536x864.jpg 1536w, http:\/\/solidaritaet-gartenverein.de\/wp-content\/uploads\/2022\/11\/20220910_085227-2048x1152.jpg 2048w\" sizes=\"auto, (max-width: 1024px) 100vw, 1024px\" \/><figcaption class=\"wp-element-caption\"><strong>Flohmarkt drinnen &#8230;<\/strong><\/figcaption><\/figure>\n\n\n\n<figure class=\"wp-block-image size-large\"><img loading=\"lazy\" decoding=\"async\" width=\"1024\" height=\"576\" src=\"http:\/\/solidaritaet-gartenverein.de\/wp-content\/uploads\/2022\/11\/20220909_185110-1024x576.jpg\" alt=\"\" class=\"wp-image-282\" srcset=\"http:\/\/solidaritaet-gartenverein.de\/wp-content\/uploads\/2022\/11\/20220909_185110-1024x576.jpg 1024w, http:\/\/solidaritaet-gartenverein.de\/wp-content\/uploads\/2022\/11\/20220909_185110-300x169.jpg 300w, http:\/\/solidaritaet-gartenverein.de\/wp-content\/uploads\/2022\/11\/20220909_185110-768x432.jpg 768w, http:\/\/solidaritaet-gartenverein.de\/wp-content\/uploads\/2022\/11\/20220909_185110-1536x864.jpg 1536w, http:\/\/solidaritaet-gartenverein.de\/wp-content\/uploads\/2022\/11\/20220909_185110-2048x1152.jpg 2048w\" sizes=\"auto, (max-width: 1024px) 100vw, 1024px\" \/><\/figure>\n\n\n\n<figure class=\"wp-block-image size-large\"><img loading=\"lazy\" decoding=\"async\" width=\"1024\" height=\"576\" src=\"http:\/\/solidaritaet-gartenverein.de\/wp-content\/uploads\/2022\/11\/20220910_085310-1024x576.jpg\" alt=\"\" class=\"wp-image-279\" srcset=\"http:\/\/solidaritaet-gartenverein.de\/wp-content\/uploads\/2022\/11\/20220910_085310-1024x576.jpg 1024w, http:\/\/solidaritaet-gartenverein.de\/wp-content\/uploads\/2022\/11\/20220910_085310-300x169.jpg 300w, http:\/\/solidaritaet-gartenverein.de\/wp-content\/uploads\/2022\/11\/20220910_085310-768x432.jpg 768w, http:\/\/solidaritaet-gartenverein.de\/wp-content\/uploads\/2022\/11\/20220910_085310-1536x864.jpg 1536w, http:\/\/solidaritaet-gartenverein.de\/wp-content\/uploads\/2022\/11\/20220910_085310-2048x1152.jpg 2048w\" sizes=\"auto, (max-width: 1024px) 100vw, 1024px\" \/><figcaption class=\"wp-element-caption\"><strong>Unser Kuchenstand \/ Waffeln sowie Wertmarken Verkauf<\/strong><\/figcaption><\/figure>\n\n\n\n<figure class=\"wp-block-image size-large\"><img loading=\"lazy\" decoding=\"async\" width=\"1024\" height=\"576\" src=\"http:\/\/solidaritaet-gartenverein.de\/wp-content\/uploads\/2022\/11\/20220910_102646-1024x576.jpg\" alt=\"\" class=\"wp-image-281\" srcset=\"http:\/\/solidaritaet-gartenverein.de\/wp-content\/uploads\/2022\/11\/20220910_102646-1024x576.jpg 1024w, http:\/\/solidaritaet-gartenverein.de\/wp-content\/uploads\/2022\/11\/20220910_102646-300x169.jpg 300w, http:\/\/solidaritaet-gartenverein.de\/wp-content\/uploads\/2022\/11\/20220910_102646-768x432.jpg 768w, http:\/\/solidaritaet-gartenverein.de\/wp-content\/uploads\/2022\/11\/20220910_102646-1536x864.jpg 1536w, http:\/\/solidaritaet-gartenverein.de\/wp-content\/uploads\/2022\/11\/20220910_102646-2048x1152.jpg 2048w\" sizes=\"auto, (max-width: 1024px) 100vw, 1024px\" \/><\/figure>\n\n\n\n<figure class=\"wp-block-image size-large\"><img loading=\"lazy\" decoding=\"async\" width=\"1024\" height=\"576\" src=\"http:\/\/solidaritaet-gartenverein.de\/wp-content\/uploads\/2022\/11\/20220910_102714-1-1024x576.jpg\" alt=\"\" class=\"wp-image-275\" srcset=\"http:\/\/solidaritaet-gartenverein.de\/wp-content\/uploads\/2022\/11\/20220910_102714-1-1024x576.jpg 1024w, http:\/\/solidaritaet-gartenverein.de\/wp-content\/uploads\/2022\/11\/20220910_102714-1-300x169.jpg 300w, http:\/\/solidaritaet-gartenverein.de\/wp-content\/uploads\/2022\/11\/20220910_102714-1-768x432.jpg 768w, http:\/\/solidaritaet-gartenverein.de\/wp-content\/uploads\/2022\/11\/20220910_102714-1-1536x864.jpg 1536w, http:\/\/solidaritaet-gartenverein.de\/wp-content\/uploads\/2022\/11\/20220910_102714-1-2048x1152.jpg 2048w\" sizes=\"auto, (max-width: 1024px) 100vw, 1024px\" \/><\/figure>\n\n\n\n<figure class=\"wp-block-image size-large\"><img loading=\"lazy\" decoding=\"async\" width=\"1024\" height=\"576\" src=\"http:\/\/solidaritaet-gartenverein.de\/wp-content\/uploads\/2022\/11\/20220910_102628-1024x576.jpg\" alt=\"\" class=\"wp-image-280\" srcset=\"http:\/\/solidaritaet-gartenverein.de\/wp-content\/uploads\/2022\/11\/20220910_102628-1024x576.jpg 1024w, http:\/\/solidaritaet-gartenverein.de\/wp-content\/uploads\/2022\/11\/20220910_102628-300x169.jpg 300w, http:\/\/solidaritaet-gartenverein.de\/wp-content\/uploads\/2022\/11\/20220910_102628-768x432.jpg 768w, http:\/\/solidaritaet-gartenverein.de\/wp-content\/uploads\/2022\/11\/20220910_102628-1536x864.jpg 1536w, http:\/\/solidaritaet-gartenverein.de\/wp-content\/uploads\/2022\/11\/20220910_102628-2048x1152.jpg 2048w\" sizes=\"auto, (max-width: 1024px) 100vw, 1024px\" \/><figcaption class=\"wp-element-caption\"><strong>Flohmarkt drau\u00dfen&#8230;<\/strong><\/figcaption><\/figure>\n\n\n\n<figure class=\"wp-block-image size-large is-resized\"><img loading=\"lazy\" decoding=\"async\" width=\"768\" height=\"1024\" src=\"http:\/\/solidaritaet-gartenverein.de\/wp-content\/uploads\/2021\/04\/cropped-BienenFutterautomat-768x1024.jpg\" alt=\"\" class=\"wp-image-238\" style=\"width:674px;height:898px\" srcset=\"http:\/\/solidaritaet-gartenverein.de\/wp-content\/uploads\/2021\/04\/cropped-BienenFutterautomat-768x1024.jpg 768w, http:\/\/solidaritaet-gartenverein.de\/wp-content\/uploads\/2021\/04\/cropped-BienenFutterautomat-225x300.jpg 225w, http:\/\/solidaritaet-gartenverein.de\/wp-content\/uploads\/2021\/04\/cropped-BienenFutterautomat-1152x1536.jpg 1152w, http:\/\/solidaritaet-gartenverein.de\/wp-content\/uploads\/2021\/04\/cropped-BienenFutterautomat-1536x2048.jpg 1536w, http:\/\/solidaritaet-gartenverein.de\/wp-content\/uploads\/2021\/04\/cropped-BienenFutterautomat-scaled.jpg 1920w\" sizes=\"auto, (max-width: 768px) 100vw, 768px\" \/><figcaption class=\"wp-element-caption\">BIENENFUTTER-AUTOMAT aufgestellt am 25.04.2021<\/figcaption><\/figure>\n\n\n\n<figure class=\"wp-block-image size-large\"><img loading=\"lazy\" decoding=\"async\" width=\"1024\" height=\"768\" src=\"http:\/\/solidaritaet-gartenverein.de\/wp-content\/uploads\/2020\/01\/IMG_20191228_131019-1024x768.jpg\" alt=\"behindertengerechte Toilette\" class=\"wp-image-109\" srcset=\"http:\/\/solidaritaet-gartenverein.de\/wp-content\/uploads\/2020\/01\/IMG_20191228_131019-1024x768.jpg 1024w, http:\/\/solidaritaet-gartenverein.de\/wp-content\/uploads\/2020\/01\/IMG_20191228_131019-300x225.jpg 300w, http:\/\/solidaritaet-gartenverein.de\/wp-content\/uploads\/2020\/01\/IMG_20191228_131019-768x576.jpg 768w, http:\/\/solidaritaet-gartenverein.de\/wp-content\/uploads\/2020\/01\/IMG_20191228_131019-1536x1152.jpg 1536w, http:\/\/solidaritaet-gartenverein.de\/wp-content\/uploads\/2020\/01\/IMG_20191228_131019-2048x1536.jpg 2048w\" sizes=\"auto, (max-width: 1024px) 100vw, 1024px\" \/><figcaption class=\"wp-element-caption\">behindertengerechte Toilette <\/figcaption><\/figure>\n\n\n\n<figure class=\"wp-block-image size-large\"><img loading=\"lazy\" decoding=\"async\" width=\"1024\" height=\"768\" src=\"http:\/\/solidaritaet-gartenverein.de\/wp-content\/uploads\/2020\/01\/IMG_20191228_131046-1024x768.jpg\" alt=\"\" class=\"wp-image-115\" srcset=\"http:\/\/solidaritaet-gartenverein.de\/wp-content\/uploads\/2020\/01\/IMG_20191228_131046-1024x768.jpg 1024w, http:\/\/solidaritaet-gartenverein.de\/wp-content\/uploads\/2020\/01\/IMG_20191228_131046-300x225.jpg 300w, http:\/\/solidaritaet-gartenverein.de\/wp-content\/uploads\/2020\/01\/IMG_20191228_131046-768x576.jpg 768w, http:\/\/solidaritaet-gartenverein.de\/wp-content\/uploads\/2020\/01\/IMG_20191228_131046-1536x1152.jpg 1536w, http:\/\/solidaritaet-gartenverein.de\/wp-content\/uploads\/2020\/01\/IMG_20191228_131046-2048x1536.jpg 2048w\" sizes=\"auto, (max-width: 1024px) 100vw, 1024px\" \/><\/figure>\n\n\n\n<figure class=\"wp-block-image size-large\"><img loading=\"lazy\" decoding=\"async\" width=\"768\" height=\"1024\" src=\"http:\/\/solidaritaet-gartenverein.de\/wp-content\/uploads\/2020\/01\/IMG_20191228_130933-1-768x1024.jpg\" alt=\"\" class=\"wp-image-108\" srcset=\"http:\/\/solidaritaet-gartenverein.de\/wp-content\/uploads\/2020\/01\/IMG_20191228_130933-1-768x1024.jpg 768w, http:\/\/solidaritaet-gartenverein.de\/wp-content\/uploads\/2020\/01\/IMG_20191228_130933-1-225x300.jpg 225w, http:\/\/solidaritaet-gartenverein.de\/wp-content\/uploads\/2020\/01\/IMG_20191228_130933-1-1152x1536.jpg 1152w, http:\/\/solidaritaet-gartenverein.de\/wp-content\/uploads\/2020\/01\/IMG_20191228_130933-1-1536x2048.jpg 1536w, http:\/\/solidaritaet-gartenverein.de\/wp-content\/uploads\/2020\/01\/IMG_20191228_130933-1-scaled.jpg 1920w\" sizes=\"auto, (max-width: 768px) 100vw, 768px\" \/><\/figure>\n\n\n\n<figure class=\"wp-block-gallery has-nested-images columns-default is-cropped wp-block-gallery-1 is-layout-flex wp-block-gallery-is-layout-flex\">\n<figure class=\"wp-block-image size-large\"><img loading=\"lazy\" decoding=\"async\" width=\"1024\" height=\"576\" data-id=\"139\" src=\"http:\/\/solidaritaet-gartenverein.de\/wp-content\/uploads\/2020\/01\/IMG-20200101-WA0016-1024x576.jpg\" alt=\"\" class=\"wp-image-139\" srcset=\"http:\/\/solidaritaet-gartenverein.de\/wp-content\/uploads\/2020\/01\/IMG-20200101-WA0016-1024x576.jpg 1024w, http:\/\/solidaritaet-gartenverein.de\/wp-content\/uploads\/2020\/01\/IMG-20200101-WA0016-300x169.jpg 300w, http:\/\/solidaritaet-gartenverein.de\/wp-content\/uploads\/2020\/01\/IMG-20200101-WA0016-768x432.jpg 768w, http:\/\/solidaritaet-gartenverein.de\/wp-content\/uploads\/2020\/01\/IMG-20200101-WA0016-1536x864.jpg 1536w, http:\/\/solidaritaet-gartenverein.de\/wp-content\/uploads\/2020\/01\/IMG-20200101-WA0016.jpg 1600w\" sizes=\"auto, (max-width: 1024px) 100vw, 1024px\" \/><figcaption class=\"wp-element-caption\">70 J\u00e4hriges Bestehen<\/figcaption><\/figure>\n<\/figure>\n\n\n","protected":false},"excerpt":{"rendered":"<p>Gr\u00fcnkohlabend Das Jahr 2025 fing am 11.01. mit unserem n\u00e4chsten Themenabend an. Es gab leckerem Gr\u00fcnkohl mit Kartoffelw\u00fcrfel, Kassler, Mettwurst und 1 Verdauungsschnaps. Unser 1. Vorsitzender Uli hat sogar f\u00fcr die Helfer eigene Soli-Shirt\u00b4s bedrucken lassen. Auch hier ein Dankesch\u00f6n an die tollen Helfern, die diese Aktionen \u00fcberhaupt m\u00f6glich machen und somit eine gemeinsame sch\u00f6ne&#8230;<\/p>\n","protected":false},"author":1,"featured_media":0,"parent":0,"menu_order":0,"comment_status":"closed","ping_status":"closed","template":"","meta":{"_kadence_starter_templates_imported_post":false,"_kad_post_transparent":"","_kad_post_title":"","_kad_post_layout":"","_kad_post_sidebar_id":"","_kad_post_content_style":"","_kad_post_vertical_padding":"","_kad_post_feature":"","_kad_post_feature_position":"","_kad_post_header":false,"_kad_post_footer":false,"_kad_post_classname":"","footnotes":""},"class_list":["post-31","page","type-page","status-publish","hentry"],"_links":{"self":[{"href":"http:\/\/solidaritaet-gartenverein.de\/index.php?rest_route=\/wp\/v2\/pages\/31","targetHints":{"allow":["GET"]}}],"collection":[{"href":"http:\/\/solidaritaet-gartenverein.de\/index.php?rest_route=\/wp\/v2\/pages"}],"about":[{"href":"http:\/\/solidaritaet-gartenverein.de\/index.php?rest_route=\/wp\/v2\/types\/page"}],"author":[{"embeddable":true,"href":"http:\/\/solidaritaet-gartenverein.de\/index.php?rest_route=\/wp\/v2\/users\/1"}],"replies":[{"embeddable":true,"href":"http:\/\/solidaritaet-gartenverein.de\/index.php?rest_route=%2Fwp%2Fv2%2Fcomments&post=31"}],"version-history":[{"count":18,"href":"http:\/\/solidaritaet-gartenverein.de\/index.php?rest_route=\/wp\/v2\/pages\/31\/revisions"}],"predecessor-version":[{"id":395,"href":"http:\/\/solidaritaet-gartenverein.de\/index.php?rest_route=\/wp\/v2\/pages\/31\/revisions\/395"}],"wp:attachment":[{"href":"http:\/\/solidaritaet-gartenverein.de\/index.php?rest_route=%2Fwp%2Fv2%2Fmedia&parent=31"}],"curies":[{"name":"wp","href":"https:\/\/api.w.org\/{rel}","templated":true}]}}