{"id":19,"date":"2019-07-31T13:17:17","date_gmt":"2019-07-31T13:17:17","guid":{"rendered":"http:\/\/solidaritaet-gartenverein.de\/?page_id=19"},"modified":"2026-03-11T14:17:25","modified_gmt":"2026-03-11T14:17:25","slug":"vereinshaus","status":"publish","type":"page","link":"http:\/\/solidaritaet-gartenverein.de\/?page_id=19","title":{"rendered":"Vermietung Vereinsheim"},"content":{"rendered":"\n<p class=\"has-text-align-center\"><\/p>\n\n\n\n<h2 class=\"wp-block-heading has-text-align-center\">Unser Vereinsheim \u2013 feiern im Gr\u00fcnen<\/h2>\n\n\n\n<p class=\"has-text-align-center\">Das <strong>Vereinsheim des Kleingartenvereins Solidarit\u00e4t in Dortmund-Huckarde<\/strong> bietet den idealen Rahmen f\u00fcr private Feiern und Veranstaltungen in gem\u00fctlicher Atmosph\u00e4re.<\/p>\n\n\n\n<p class=\"has-text-align-center\">Ob <strong>Geburtstag, Jubil\u00e4um, Familienfeier oder Treffen mit Freunden<\/strong> \u2013 unsere R\u00e4umlichkeiten eignen sich hervorragend f\u00fcr gesellige Stunden inmitten unserer sch\u00f6nen Kleingartenanlage.<\/p>\n\n\n\n<p class=\"has-text-align-center\">Die ruhige Lage im Gr\u00fcnen sorgt f\u00fcr eine entspannte Umgebung und macht jede Feier zu einem besonderen Erlebnis.<\/p>\n\n\n\n<hr class=\"wp-block-separator has-alpha-channel-opacity\"\/>\n\n\n\n<h2 class=\"wp-block-heading has-text-align-center\">Ausstattung<\/h2>\n\n\n\n<p class=\"has-text-align-center\">Unser Vereinsheim bietet unter anderem:<\/p>\n\n\n\n<p class=\"has-text-align-center\">\u2022 gem\u00fctlichen Veranstaltungsraum f\u00fcr private Feiern<br>\u2022 K\u00fcche bzw. Vorbereitungsm\u00f6glichkeit f\u00fcr Speisen und Getr\u00e4nke<br>\u2022 Sitzm\u00f6glichkeiten f\u00fcr Ihre G\u00e4ste<br>\u2022 ruhige Lage mitten in unserer Kleingartenanlage<\/p>\n\n\n\n<p class=\"has-text-align-center\">Zus\u00e4tzlich verf\u00fcgt unser Vereinsheim seit Kurzem \u00fcber eine <strong>komplett modernisierte Toilettenanlage<\/strong>, einschlie\u00dflich einer <strong>barrierefreien und behindertengerechten Toilette<\/strong>.<\/p>\n\n\n\n<hr class=\"wp-block-separator has-alpha-channel-opacity\"\/>\n\n\n\n<h2 class=\"wp-block-heading has-text-align-center\">Lage<\/h2>\n\n\n\n<p class=\"has-text-align-center\">Unser Vereinsheim befindet sich in der Kleingartenanlage <strong>Solidarit\u00e4t in Dortmund-Huckarde<\/strong> und ist gut erreichbar. Die gr\u00fcne Umgebung schafft eine besondere Atmosph\u00e4re f\u00fcr Feiern und Veranstaltungen.<\/p>\n\n\n\n<hr class=\"wp-block-separator has-alpha-channel-opacity\"\/>\n\n\n\n<h2 class=\"wp-block-heading has-text-align-center\">Interesse an einer Anmietung?<\/h2>\n\n\n\n<p class=\"has-text-align-center\">Wenn Sie Interesse daran haben, unser Vereinsheim f\u00fcr Ihre Feier zu mieten, freuen wir uns \u00fcber Ihre Anfrage.<\/p>\n\n\n\n<p class=\"has-text-align-center\">Nutzen Sie gerne unser <strong>Kontaktformular<\/strong>.<\/p>\n\n\n\n<div class=\"wp-block-buttons is-content-justification-center is-layout-flex wp-container-core-buttons-is-layout-16018d1d wp-block-buttons-is-layout-flex\">\n<div class=\"wp-block-button\"><a class=\"wp-block-button__link wp-element-button\" href=\"http:\/\/solidaritaet-gartenverein.de\/?page_id=470\">Kontaktformular<\/a><\/div>\n<\/div>\n\n\n\n<p class=\"has-text-align-center has-light-green-cyan-background-color has-background has-medium-font-size\">0163 20 67 867<\/p>\n\n\n\n<p class=\"has-text-align-center\">Hier ein Blick in unsere R\u00e4umlichkeiten.<\/p>\n\n\n\n<figure class=\"wp-block-gallery has-nested-images columns-default is-cropped wp-block-gallery-1 is-layout-flex wp-block-gallery-is-layout-flex\">\n<figure class=\"wp-block-image size-large\"><img loading=\"lazy\" decoding=\"async\" width=\"1024\" height=\"768\" data-id=\"340\" src=\"http:\/\/solidaritaet-gartenverein.de\/wp-content\/uploads\/2024\/02\/Saal-neu-komplett-1024x768.jpg\" alt=\"\" class=\"wp-image-340\" srcset=\"http:\/\/solidaritaet-gartenverein.de\/wp-content\/uploads\/2024\/02\/Saal-neu-komplett-1024x768.jpg 1024w, http:\/\/solidaritaet-gartenverein.de\/wp-content\/uploads\/2024\/02\/Saal-neu-komplett-300x225.jpg 300w, http:\/\/solidaritaet-gartenverein.de\/wp-content\/uploads\/2024\/02\/Saal-neu-komplett-768x576.jpg 768w, http:\/\/solidaritaet-gartenverein.de\/wp-content\/uploads\/2024\/02\/Saal-neu-komplett-1536x1152.jpg 1536w, http:\/\/solidaritaet-gartenverein.de\/wp-content\/uploads\/2024\/02\/Saal-neu-komplett.jpg 2048w\" sizes=\"auto, (max-width: 1024px) 100vw, 1024px\" \/><\/figure>\n\n\n\n<figure class=\"wp-block-image size-large\"><img loading=\"lazy\" decoding=\"async\" width=\"1024\" height=\"768\" data-id=\"339\" src=\"http:\/\/solidaritaet-gartenverein.de\/wp-content\/uploads\/2024\/02\/Saal-Fenster-BILD-BVB-1024x768.jpg\" alt=\"\" class=\"wp-image-339\" srcset=\"http:\/\/solidaritaet-gartenverein.de\/wp-content\/uploads\/2024\/02\/Saal-Fenster-BILD-BVB-1024x768.jpg 1024w, http:\/\/solidaritaet-gartenverein.de\/wp-content\/uploads\/2024\/02\/Saal-Fenster-BILD-BVB-300x225.jpg 300w, http:\/\/solidaritaet-gartenverein.de\/wp-content\/uploads\/2024\/02\/Saal-Fenster-BILD-BVB-768x576.jpg 768w, http:\/\/solidaritaet-gartenverein.de\/wp-content\/uploads\/2024\/02\/Saal-Fenster-BILD-BVB-1536x1152.jpg 1536w, http:\/\/solidaritaet-gartenverein.de\/wp-content\/uploads\/2024\/02\/Saal-Fenster-BILD-BVB.jpg 2048w\" sizes=\"auto, (max-width: 1024px) 100vw, 1024px\" \/><\/figure>\n\n\n\n<figure class=\"wp-block-image size-large\"><img loading=\"lazy\" decoding=\"async\" width=\"1024\" height=\"768\" data-id=\"338\" src=\"http:\/\/solidaritaet-gartenverein.de\/wp-content\/uploads\/2024\/02\/Saal-neu-Richtung-Fenster-1024x768.jpg\" alt=\"\" class=\"wp-image-338\" srcset=\"http:\/\/solidaritaet-gartenverein.de\/wp-content\/uploads\/2024\/02\/Saal-neu-Richtung-Fenster-1024x768.jpg 1024w, http:\/\/solidaritaet-gartenverein.de\/wp-content\/uploads\/2024\/02\/Saal-neu-Richtung-Fenster-300x225.jpg 300w, http:\/\/solidaritaet-gartenverein.de\/wp-content\/uploads\/2024\/02\/Saal-neu-Richtung-Fenster-768x576.jpg 768w, http:\/\/solidaritaet-gartenverein.de\/wp-content\/uploads\/2024\/02\/Saal-neu-Richtung-Fenster-1536x1152.jpg 1536w, http:\/\/solidaritaet-gartenverein.de\/wp-content\/uploads\/2024\/02\/Saal-neu-Richtung-Fenster.jpg 2016w\" sizes=\"auto, (max-width: 1024px) 100vw, 1024px\" \/><\/figure>\n\n\n\n<figure class=\"wp-block-image size-large\"><img loading=\"lazy\" decoding=\"async\" width=\"1024\" height=\"576\" data-id=\"341\" src=\"http:\/\/solidaritaet-gartenverein.de\/wp-content\/uploads\/2024\/02\/Kueche-neu-1024x576.jpg\" alt=\"\" class=\"wp-image-341\" srcset=\"http:\/\/solidaritaet-gartenverein.de\/wp-content\/uploads\/2024\/02\/Kueche-neu-1024x576.jpg 1024w, http:\/\/solidaritaet-gartenverein.de\/wp-content\/uploads\/2024\/02\/Kueche-neu-300x169.jpg 300w, http:\/\/solidaritaet-gartenverein.de\/wp-content\/uploads\/2024\/02\/Kueche-neu-768x432.jpg 768w, http:\/\/solidaritaet-gartenverein.de\/wp-content\/uploads\/2024\/02\/Kueche-neu-1536x864.jpg 1536w, http:\/\/solidaritaet-gartenverein.de\/wp-content\/uploads\/2024\/02\/Kueche-neu.jpg 2048w\" sizes=\"auto, (max-width: 1024px) 100vw, 1024px\" \/><\/figure>\n\n\n\n<figure class=\"wp-block-image size-large\"><img loading=\"lazy\" decoding=\"async\" width=\"1024\" height=\"768\" data-id=\"345\" src=\"http:\/\/solidaritaet-gartenverein.de\/wp-content\/uploads\/2024\/02\/Kueche-neues-Foto-1024x768.jpg\" alt=\"\" class=\"wp-image-345\" srcset=\"http:\/\/solidaritaet-gartenverein.de\/wp-content\/uploads\/2024\/02\/Kueche-neues-Foto-1024x768.jpg 1024w, http:\/\/solidaritaet-gartenverein.de\/wp-content\/uploads\/2024\/02\/Kueche-neues-Foto-300x225.jpg 300w, http:\/\/solidaritaet-gartenverein.de\/wp-content\/uploads\/2024\/02\/Kueche-neues-Foto-768x576.jpg 768w, http:\/\/solidaritaet-gartenverein.de\/wp-content\/uploads\/2024\/02\/Kueche-neues-Foto-1536x1152.jpg 1536w, http:\/\/solidaritaet-gartenverein.de\/wp-content\/uploads\/2024\/02\/Kueche-neues-Foto.jpg 1600w\" sizes=\"auto, (max-width: 1024px) 100vw, 1024px\" \/><\/figure>\n\n\n\n<figure class=\"wp-block-image size-large\"><img loading=\"lazy\" decoding=\"async\" width=\"1024\" height=\"768\" data-id=\"90\" src=\"http:\/\/solidaritaet-gartenverein.de\/wp-content\/uploads\/2019\/09\/CIMG0739-2-1024x768.jpg\" alt=\"\" class=\"wp-image-90\" srcset=\"http:\/\/solidaritaet-gartenverein.de\/wp-content\/uploads\/2019\/09\/CIMG0739-2-1024x768.jpg 1024w, http:\/\/solidaritaet-gartenverein.de\/wp-content\/uploads\/2019\/09\/CIMG0739-2-300x225.jpg 300w, http:\/\/solidaritaet-gartenverein.de\/wp-content\/uploads\/2019\/09\/CIMG0739-2-768x576.jpg 768w\" sizes=\"auto, (max-width: 1024px) 100vw, 1024px\" \/><\/figure>\n\n\n\n<figure class=\"wp-block-image size-large\"><img loading=\"lazy\" decoding=\"async\" width=\"1024\" height=\"768\" data-id=\"89\" src=\"http:\/\/solidaritaet-gartenverein.de\/wp-content\/uploads\/2019\/09\/CIMG0742-2-1024x768.jpg\" alt=\"\" class=\"wp-image-89\" srcset=\"http:\/\/solidaritaet-gartenverein.de\/wp-content\/uploads\/2019\/09\/CIMG0742-2-1024x768.jpg 1024w, http:\/\/solidaritaet-gartenverein.de\/wp-content\/uploads\/2019\/09\/CIMG0742-2-300x225.jpg 300w, http:\/\/solidaritaet-gartenverein.de\/wp-content\/uploads\/2019\/09\/CIMG0742-2-768x576.jpg 768w\" sizes=\"auto, (max-width: 1024px) 100vw, 1024px\" \/><\/figure>\n\n\n\n<figure class=\"wp-block-image size-large\"><img loading=\"lazy\" decoding=\"async\" width=\"1024\" height=\"576\" data-id=\"88\" src=\"http:\/\/solidaritaet-gartenverein.de\/wp-content\/uploads\/2019\/09\/20170303_141517-2-1024x576.jpg\" alt=\"\" class=\"wp-image-88\" srcset=\"http:\/\/solidaritaet-gartenverein.de\/wp-content\/uploads\/2019\/09\/20170303_141517-2-1024x576.jpg 1024w, http:\/\/solidaritaet-gartenverein.de\/wp-content\/uploads\/2019\/09\/20170303_141517-2-300x169.jpg 300w, http:\/\/solidaritaet-gartenverein.de\/wp-content\/uploads\/2019\/09\/20170303_141517-2-768x432.jpg 768w\" sizes=\"auto, (max-width: 1024px) 100vw, 1024px\" \/><\/figure>\n\n\n\n<figure class=\"wp-block-image size-large\"><img loading=\"lazy\" decoding=\"async\" width=\"1024\" height=\"576\" data-id=\"87\" src=\"http:\/\/solidaritaet-gartenverein.de\/wp-content\/uploads\/2019\/09\/20170303_141526-2-1024x576.jpg\" alt=\"\" class=\"wp-image-87\" srcset=\"http:\/\/solidaritaet-gartenverein.de\/wp-content\/uploads\/2019\/09\/20170303_141526-2-1024x576.jpg 1024w, http:\/\/solidaritaet-gartenverein.de\/wp-content\/uploads\/2019\/09\/20170303_141526-2-300x169.jpg 300w, http:\/\/solidaritaet-gartenverein.de\/wp-content\/uploads\/2019\/09\/20170303_141526-2-768x432.jpg 768w\" sizes=\"auto, (max-width: 1024px) 100vw, 1024px\" \/><\/figure>\n\n\n\n<figure class=\"wp-block-image size-large\"><img loading=\"lazy\" decoding=\"async\" width=\"1024\" height=\"768\" data-id=\"86\" src=\"http:\/\/solidaritaet-gartenverein.de\/wp-content\/uploads\/2019\/09\/CIMG0741-3-1024x768.jpg\" alt=\"\" class=\"wp-image-86\" srcset=\"http:\/\/solidaritaet-gartenverein.de\/wp-content\/uploads\/2019\/09\/CIMG0741-3-1024x768.jpg 1024w, http:\/\/solidaritaet-gartenverein.de\/wp-content\/uploads\/2019\/09\/CIMG0741-3-300x225.jpg 300w, http:\/\/solidaritaet-gartenverein.de\/wp-content\/uploads\/2019\/09\/CIMG0741-3-768x576.jpg 768w\" sizes=\"auto, (max-width: 1024px) 100vw, 1024px\" \/><\/figure>\n\n\n\n<figure class=\"wp-block-image size-large\"><img loading=\"lazy\" decoding=\"async\" width=\"1024\" height=\"768\" data-id=\"388\" src=\"http:\/\/solidaritaet-gartenverein.de\/wp-content\/uploads\/2025\/01\/Party-Deko-1-1024x768.jpg\" alt=\"\" class=\"wp-image-388\" srcset=\"http:\/\/solidaritaet-gartenverein.de\/wp-content\/uploads\/2025\/01\/Party-Deko-1-1024x768.jpg 1024w, http:\/\/solidaritaet-gartenverein.de\/wp-content\/uploads\/2025\/01\/Party-Deko-1-300x225.jpg 300w, http:\/\/solidaritaet-gartenverein.de\/wp-content\/uploads\/2025\/01\/Party-Deko-1-768x576.jpg 768w, http:\/\/solidaritaet-gartenverein.de\/wp-content\/uploads\/2025\/01\/Party-Deko-1-1536x1152.jpg 1536w, http:\/\/solidaritaet-gartenverein.de\/wp-content\/uploads\/2025\/01\/Party-Deko-1-2048x1536.jpg 2048w\" sizes=\"auto, (max-width: 1024px) 100vw, 1024px\" \/><\/figure>\n\n\n\n<figure class=\"wp-block-image size-large\"><img loading=\"lazy\" decoding=\"async\" width=\"1024\" height=\"768\" data-id=\"386\" src=\"http:\/\/solidaritaet-gartenverein.de\/wp-content\/uploads\/2025\/01\/Party-Deko--1024x768.jpg\" alt=\"\" class=\"wp-image-386\" srcset=\"http:\/\/solidaritaet-gartenverein.de\/wp-content\/uploads\/2025\/01\/Party-Deko--1024x768.jpg 1024w, http:\/\/solidaritaet-gartenverein.de\/wp-content\/uploads\/2025\/01\/Party-Deko--300x225.jpg 300w, http:\/\/solidaritaet-gartenverein.de\/wp-content\/uploads\/2025\/01\/Party-Deko--768x576.jpg 768w, http:\/\/solidaritaet-gartenverein.de\/wp-content\/uploads\/2025\/01\/Party-Deko--1536x1152.jpg 1536w, http:\/\/solidaritaet-gartenverein.de\/wp-content\/uploads\/2025\/01\/Party-Deko--2048x1536.jpg 2048w\" sizes=\"auto, (max-width: 1024px) 100vw, 1024px\" \/><\/figure>\n\n\n\n<figure class=\"wp-block-image size-large\"><img loading=\"lazy\" decoding=\"async\" width=\"1024\" height=\"768\" data-id=\"368\" src=\"http:\/\/solidaritaet-gartenverein.de\/wp-content\/uploads\/2024\/10\/IMG-20240421-WA0017-1024x768.jpg\" alt=\"\" class=\"wp-image-368\" srcset=\"http:\/\/solidaritaet-gartenverein.de\/wp-content\/uploads\/2024\/10\/IMG-20240421-WA0017-1024x768.jpg 1024w, http:\/\/solidaritaet-gartenverein.de\/wp-content\/uploads\/2024\/10\/IMG-20240421-WA0017-300x225.jpg 300w, http:\/\/solidaritaet-gartenverein.de\/wp-content\/uploads\/2024\/10\/IMG-20240421-WA0017-768x576.jpg 768w, http:\/\/solidaritaet-gartenverein.de\/wp-content\/uploads\/2024\/10\/IMG-20240421-WA0017.jpg 1280w\" sizes=\"auto, (max-width: 1024px) 100vw, 1024px\" \/><\/figure>\n\n\n\n<figure class=\"wp-block-image size-large\"><img loading=\"lazy\" decoding=\"async\" width=\"1024\" height=\"768\" data-id=\"364\" src=\"http:\/\/solidaritaet-gartenverein.de\/wp-content\/uploads\/2024\/10\/IMG-20240421-WA0014-1024x768.jpg\" alt=\"\" class=\"wp-image-364\" srcset=\"http:\/\/solidaritaet-gartenverein.de\/wp-content\/uploads\/2024\/10\/IMG-20240421-WA0014-1024x768.jpg 1024w, http:\/\/solidaritaet-gartenverein.de\/wp-content\/uploads\/2024\/10\/IMG-20240421-WA0014-300x225.jpg 300w, http:\/\/solidaritaet-gartenverein.de\/wp-content\/uploads\/2024\/10\/IMG-20240421-WA0014-768x576.jpg 768w, http:\/\/solidaritaet-gartenverein.de\/wp-content\/uploads\/2024\/10\/IMG-20240421-WA0014.jpg 1280w\" sizes=\"auto, (max-width: 1024px) 100vw, 1024px\" \/><\/figure>\n\n\n\n<figure class=\"wp-block-image size-large\"><img loading=\"lazy\" decoding=\"async\" width=\"1024\" height=\"768\" data-id=\"115\" src=\"http:\/\/solidaritaet-gartenverein.de\/wp-content\/uploads\/2020\/01\/IMG_20191228_131046-1024x768.jpg\" alt=\"\" class=\"wp-image-115\" srcset=\"http:\/\/solidaritaet-gartenverein.de\/wp-content\/uploads\/2020\/01\/IMG_20191228_131046-1024x768.jpg 1024w, http:\/\/solidaritaet-gartenverein.de\/wp-content\/uploads\/2020\/01\/IMG_20191228_131046-300x225.jpg 300w, http:\/\/solidaritaet-gartenverein.de\/wp-content\/uploads\/2020\/01\/IMG_20191228_131046-768x576.jpg 768w, http:\/\/solidaritaet-gartenverein.de\/wp-content\/uploads\/2020\/01\/IMG_20191228_131046-1536x1152.jpg 1536w, http:\/\/solidaritaet-gartenverein.de\/wp-content\/uploads\/2020\/01\/IMG_20191228_131046-2048x1536.jpg 2048w\" sizes=\"auto, (max-width: 1024px) 100vw, 1024px\" \/><\/figure>\n\n\n\n<figure class=\"wp-block-image size-large\"><img loading=\"lazy\" decoding=\"async\" width=\"1024\" height=\"768\" data-id=\"109\" src=\"http:\/\/solidaritaet-gartenverein.de\/wp-content\/uploads\/2020\/01\/IMG_20191228_131019-1024x768.jpg\" alt=\"behindertengerechte Toilette\" class=\"wp-image-109\" srcset=\"http:\/\/solidaritaet-gartenverein.de\/wp-content\/uploads\/2020\/01\/IMG_20191228_131019-1024x768.jpg 1024w, http:\/\/solidaritaet-gartenverein.de\/wp-content\/uploads\/2020\/01\/IMG_20191228_131019-300x225.jpg 300w, http:\/\/solidaritaet-gartenverein.de\/wp-content\/uploads\/2020\/01\/IMG_20191228_131019-768x576.jpg 768w, http:\/\/solidaritaet-gartenverein.de\/wp-content\/uploads\/2020\/01\/IMG_20191228_131019-1536x1152.jpg 1536w, http:\/\/solidaritaet-gartenverein.de\/wp-content\/uploads\/2020\/01\/IMG_20191228_131019-2048x1536.jpg 2048w\" sizes=\"auto, (max-width: 1024px) 100vw, 1024px\" \/><\/figure>\n<\/figure>\n\n\n\n<p><\/p>\n\n\n\n<p><\/p>\n\n\n\n<figure class=\"wp-block-gallery has-nested-images columns-default is-cropped wp-block-gallery-2 is-layout-flex wp-block-gallery-is-layout-flex\"><\/figure>\n","protected":false},"excerpt":{"rendered":"<p>Unser Vereinsheim \u2013 feiern im Gr\u00fcnen Das Vereinsheim des Kleingartenvereins Solidarit\u00e4t in Dortmund-Huckarde bietet den idealen Rahmen f\u00fcr private Feiern und Veranstaltungen in gem\u00fctlicher Atmosph\u00e4re. Ob Geburtstag, Jubil\u00e4um, Familienfeier oder Treffen mit Freunden \u2013 unsere R\u00e4umlichkeiten eignen sich hervorragend f\u00fcr gesellige Stunden inmitten unserer sch\u00f6nen Kleingartenanlage. Die ruhige Lage im Gr\u00fcnen sorgt f\u00fcr eine entspannte&#8230;<\/p>\n","protected":false},"author":1,"featured_media":0,"parent":0,"menu_order":0,"comment_status":"closed","ping_status":"closed","template":"","meta":{"_kadence_starter_templates_imported_post":false,"_kad_post_transparent":"","_kad_post_title":"","_kad_post_layout":"","_kad_post_sidebar_id":"","_kad_post_content_style":"","_kad_post_vertical_padding":"","_kad_post_feature":"","_kad_post_feature_position":"","_kad_post_header":false,"_kad_post_footer":false,"_kad_post_classname":"","footnotes":""},"class_list":["post-19","page","type-page","status-publish","hentry"],"_links":{"self":[{"href":"http:\/\/solidaritaet-gartenverein.de\/index.php?rest_route=\/wp\/v2\/pages\/19","targetHints":{"allow":["GET"]}}],"collection":[{"href":"http:\/\/solidaritaet-gartenverein.de\/index.php?rest_route=\/wp\/v2\/pages"}],"about":[{"href":"http:\/\/solidaritaet-gartenverein.de\/index.php?rest_route=\/wp\/v2\/types\/page"}],"author":[{"embeddable":true,"href":"http:\/\/solidaritaet-gartenverein.de\/index.php?rest_route=\/wp\/v2\/users\/1"}],"replies":[{"embeddable":true,"href":"http:\/\/solidaritaet-gartenverein.de\/index.php?rest_route=%2Fwp%2Fv2%2Fcomments&post=19"}],"version-history":[{"count":29,"href":"http:\/\/solidaritaet-gartenverein.de\/index.php?rest_route=\/wp\/v2\/pages\/19\/revisions"}],"predecessor-version":[{"id":493,"href":"http:\/\/solidaritaet-gartenverein.de\/index.php?rest_route=\/wp\/v2\/pages\/19\/revisions\/493"}],"wp:attachment":[{"href":"http:\/\/solidaritaet-gartenverein.de\/index.php?rest_route=%2Fwp%2Fv2%2Fmedia&parent=19"}],"curies":[{"name":"wp","href":"https:\/\/api.w.org\/{rel}","templated":true}]}}